{"version":"1.0","provider_name":"Mountain Guide","provider_url":"https:\/\/mountainguides.pro\/pt","author_name":"Vika","author_url":"https:\/\/mountainguides.pro\/pt\/author\/vika\/","title":"F\u00e9rias em Elbrus, 7 dias","type":"rich","width":600,"height":338,"html":"<blockquote class=\"wp-embedded-content\" data-secret=\"MrjnZPaSZc\"><a href=\"https:\/\/mountainguides.pro\/pt\/tours\/climb-elbrus\/rest-in-the-elbrus-region-7-days\/\">F\u00e9rias em Elbrus, 7 dias<\/a><\/blockquote><iframe sandbox=\"allow-scripts\" security=\"restricted\" src=\"https:\/\/mountainguides.pro\/pt\/tours\/climb-elbrus\/rest-in-the-elbrus-region-7-days\/embed\/#?secret=MrjnZPaSZc\" width=\"600\" height=\"338\" title=\"&#8220;F\u00e9rias em Elbrus, 7 dias&#8221; &#8212; Mountain Guide\" data-secret=\"MrjnZPaSZc\" frameborder=\"0\" marginwidth=\"0\" marginheight=\"0\" scrolling=\"no\" class=\"wp-embedded-content\"><\/iframe><script type=\"text\/javascript\">\n\/* <![CDATA[ *\/\n\/*! This file is auto-generated *\/\n!function(d,l){\"use strict\";l.querySelector&&d.addEventListener&&\"undefined\"!=typeof URL&&(d.wp=d.wp||{},d.wp.receiveEmbedMessage||(d.wp.receiveEmbedMessage=function(e){var t=e.data;if((t||t.secret||t.message||t.value)&&!\/[^a-zA-Z0-9]\/.test(t.secret)){for(var s,r,n,a=l.querySelectorAll('iframe[data-secret=\"'+t.secret+'\"]'),o=l.querySelectorAll('blockquote[data-secret=\"'+t.secret+'\"]'),c=new RegExp(\"^https?:$\",\"i\"),i=0;i<o.length;i++)o[i].style.display=\"none\";for(i=0;i<a.length;i++)s=a[i],e.source===s.contentWindow&&(s.removeAttribute(\"style\"),\"height\"===t.message?(1e3<(r=parseInt(t.value,10))?r=1e3:~~r<200&&(r=200),s.height=r):\"link\"===t.message&&(r=new URL(s.getAttribute(\"src\")),n=new URL(t.value),c.test(n.protocol))&&n.host===r.host&&l.activeElement===s&&(d.top.location.href=t.value))}},d.addEventListener(\"message\",d.wp.receiveEmbedMessage,!1),l.addEventListener(\"DOMContentLoaded\",function(){for(var e,t,s=l.querySelectorAll(\"iframe.wp-embedded-content\"),r=0;r<s.length;r++)(t=(e=s[r]).getAttribute(\"data-secret\"))||(t=Math.random().toString(36).substring(2,12),e.src+=\"#?secret=\"+t,e.setAttribute(\"data-secret\",t)),e.contentWindow.postMessage({message:\"ready\",secret:t},\"*\")},!1)))}(window,document);\n\/\/# sourceURL=https:\/\/mountainguides.pro\/wp-includes\/js\/wp-embed.min.js\n\/* ]]> *\/\n<\/script>\n","thumbnail_url":"https:\/\/mountainguides.pro\/wp-content\/uploads\/2022\/01\/Elbrus-with-mountainguide.ru-07-1.jpg","thumbnail_width":800,"thumbnail_height":600,"description":"Por que vale a pena fazer trekking pelo Pr\u00e9-Elbrus conosco? Antes de tudo, porque s\u00e3o nossos e apenas nossos guias, e n\u00e3o estamos apenas afirmando isso \u2014 ao contr\u00e1rio de muitas empresas, n\u00e3o temos medo de mostr\u00e1-los a voc\u00ea. Nosso hotel \u00e9 confort\u00e1vel, com quartos amplos e uma acolhedora sala de refei\u00e7\u00f5es. Se este \u00e9 seu primeiro contato com trekking e caminhadas e voc\u00ea ainda n\u00e3o est\u00e1 pronto para comprar um equipamento completo, em Terskol funciona nosso pr\u00f3prio servi\u00e7o de aluguel de equipamentos (o mais novo e maior do Pr\u00e9-Elbrus), que fornecer\u00e1 tudo que voc\u00ea precisa com a melhor qualidade. Todos os programas indicados na se\u00e7\u00e3o \u201cdatas e pre\u00e7os\u201d ser\u00e3o realizados com um m\u00ednimo de 2 participantes no grupo. Informa\u00e7\u00f5es importantes:    O hor\u00e1rio de check-in e check-out \u00e9 regulamentado pelo hotel: check-in a partir das 15h, check-out at\u00e9 11\u201312h. Voc\u00ea pode deixar sua bagagem na recep\u00e7\u00e3o do hotel e passear pela \u00e1rea, ou, se houver possibilidade t\u00e9cnica, pagar um valor adicional por check-in antecipado\/check-out tardio.  Para cidad\u00e3os estrangeiros, se necess\u00e1rio, fornecemos convites para nossos tours."}